{"id":29229,"date":"2025-01-23T12:43:17","date_gmt":"2025-01-23T12:43:17","guid":{"rendered":"https:\/\/buni.be\/?post_type=product&#038;p=29229"},"modified":"2025-09-01T15:34:44","modified_gmt":"2025-09-01T13:34:44","slug":"arki-table-ark-table-de-reunion-kopie-kopie-kopie","status":"publish","type":"product","link":"https:\/\/buni.be\/fr\/product\/meubles-interieur\/meubles-polyvalents\/arki-table-ark-table-de-reunion-kopie-kopie-kopie\/","title":{"rendered":"Table pliante empilable avec pied en T et structure en m\u00e9tal"},"content":{"rendered":"<p data-start=\"1232\" data-end=\"1497\"><strong data-start=\"1235\" data-end=\"1289\">La table pliante empilable avec pieds en T et structure m\u00e9tallique<\/strong> est con\u00e7ue pour ceux qui recherchent flexibilit\u00e9 et robustesse. Cette<strong data-start=\"1361\" data-end=\"1387\"> table pliante<\/strong> pour l&rsquo;h\u00f4tellerie est id\u00e9ale pour les s\u00e9minaires, ateliers, r\u00e9unions et \u00e9v\u00e9nements o\u00f9 un montage et un d\u00e9montage rapides sont essentiels. <\/p>\n<p data-start=\"1499\" data-end=\"1838\"><strong>Le plateau en m\u00e9lamine ou stratifi\u00e9 <\/strong>de 18 mm d&rsquo;\u00e9paisseur garantit un entretien facile et une r\u00e9sistance aux rayures, tandis que le robuste <strong data-start=\"1629\" data-end=\"1659\">cadre en T en acier martel\u00e9 ou noir<\/strong> garantit stabilit\u00e9 et long\u00e9vit\u00e9. De plus, la table est disponible<strong data-start=\"2137\" data-end=\"2156\"> en plusieurs finitions<\/strong>, dont un large choix de couleurs, de finitions bois ou pierre, et de finitions ph\u00e9nix. Cette table pliante s&rsquo;int\u00e8gre ainsi parfaitement<strong data-start=\"2195\" data-end=\"2215\"> \u00e0 tout espace h\u00f4telier<\/strong> ou professionnel.  <\/p>\n<p data-start=\"1499\" data-end=\"1838\">Son principal atout r\u00e9side dans son<strong data-start=\"1873\" data-end=\"1902\"> syst\u00e8me intelligent<\/strong> d&rsquo;autoblocage qui assure la stabilit\u00e9 de la table, m\u00eame en cas d&rsquo;utilisation intensive.<strong data-start=\"1986\" data-end=\"2019\"> Les protections sous les pieds<\/strong> \u00e9vitent les rayures et facilitent le d\u00e9placement. Gr\u00e2ce \u00e0 sa <strong data-start=\"1726\" data-end=\"1757\">conception pliable<\/strong> et<strong data-start=\"1761\" data-end=\"1787\"> empilable extra-plate<\/strong>, vous pouvez ranger plusieurs tables de mani\u00e8re compacte et efficace. Des <strong>chariots de transport <\/strong>sont \u00e9galement disponibles pour un rangement et un transport ais\u00e9s.   <\/p>\n<p data-start=\"2244\" data-end=\"2495\">Que vous <strong data-start=\"2257\" data-end=\"2279\">am\u00e9nagiez un restaurant<\/strong>, <strong data-start=\"2285\" data-end=\"2329\">souhaitiez utiliser une salle de conf\u00e9rence<\/strong> de mani\u00e8re flexible ou recherchiez des meubles d&rsquo;accueil <strong data-start=\"2345\" data-end=\"2374\">durables<\/strong>, pratiques et \u00e9l\u00e9gants, cette <strong data-start=\"2410\" data-end=\"2434\">table pliante empilable<\/strong> offre l&rsquo;\u00e9quilibre parfait entre fonctionnalit\u00e9 et design.<\/p>\n","protected":false},"excerpt":{"rendered":"<p data-start=\"387\" data-end=\"827\">Cette <strong>table pliante empilable avec pieds en T et structure m\u00e9tallique<\/strong> est une solution intelligente pour am\u00e9nager rapidement et efficacement vos espaces. Son <strong data-start=\"531\" data-end=\"561\">pi\u00e8tement <\/strong><strong>robuste<\/strong>, associ\u00e9 <strong data-start=\"584\" data-end=\"607\">au plateau de votre choix<\/strong>, la rend flexible, durable et facile d&rsquo;entretien. Gr\u00e2ce \u00e0 son <strong data-start=\"672\" data-end=\"701\">syst\u00e8me autobloquant<\/strong> et \u00e0 <strong data-start=\"708\" data-end=\"726\">ses protections sous les pieds<\/strong>, elle est id\u00e9ale pour une utilisation intensive en s\u00e9minaires, salles de r\u00e9union et espaces h\u00f4teliers.  <\/p>\n<ul>\n<li data-start=\"829\" data-end=\"1169\"><strong data-start=\"831\" data-end=\"859\">Empilable et pliable<\/strong> pour un rangement optimal<\/li>\n<li>En option avec <strong>chariot de transport<\/strong> pratique<\/li>\n<li data-start=\"829\" data-end=\"1169\">Cadre en <strong data-start=\"892\" data-end=\"920\">T robuste en m\u00e9tal martel\u00e9 ou noir<\/strong><\/li>\n<li data-start=\"741\" data-end=\"1075\"><b>Large choix de plateaux de table<\/b> : m\u00e9lamin\u00e9 ou stratifi\u00e9, diverses finitions<\/li>\n<li data-start=\"741\" data-end=\"1075\">Dessus r\u00e9sistant aux rayures et facile \u00e0 entretenir<\/li>\n<li data-start=\"829\" data-end=\"1169\"><strong data-start=\"965\" data-end=\"994\">Syst\u00e8me autobloquant <\/strong>pour une utilisation en toute s\u00e9curit\u00e9<\/li>\n<li data-start=\"829\" data-end=\"1169\">Equip\u00e9 de<strong data-start=\"1032\" data-end=\"1064\"> capuchons de protection contre les rayures<\/strong><\/li>\n<li data-start=\"829\" data-end=\"1169\">Convient pour une utilisation en <strong data-start=\"1083\" data-end=\"1120\" data-is-only-node=\"\">int\u00e9rieur dans la restauration et l&rsquo;\u00e9v\u00e9nementiel<\/strong><\/li>\n<\/ul>\n<p>&nbsp;<\/p>\n","protected":false},"featured_media":29251,"template":"","meta":[],"product_brand":[],"product_cat":[559,562,287],"product_tag":[],"class_list":{"0":"post-29229","1":"product","2":"type-product","3":"status-publish","4":"has-post-thumbnail","6":"product_cat-meubles-interieur","7":"product_cat-meubles-polyvalents","8":"product_cat-tables-interieur","9":"pa_klapbaar-oui","10":"pa_materiaal-tafelblad-hpl-lamine","11":"pa_materiaal-tafelblad-melamine-fr","12":"pa_stapelbaar-oui-fr","13":"pa_tafelhoogte-taille-normale-75-cm","14":"pa_tafelpoten-autres","16":"first","17":"instock","18":"taxable","19":"shipping-taxable","20":"purchasable","21":"product-type-simple"},"acf":[],"_links":{"self":[{"href":"https:\/\/buni.be\/fr\/wp-json\/wp\/v2\/product\/29229","targetHints":{"allow":["GET"]}}],"collection":[{"href":"https:\/\/buni.be\/fr\/wp-json\/wp\/v2\/product"}],"about":[{"href":"https:\/\/buni.be\/fr\/wp-json\/wp\/v2\/types\/product"}],"version-history":[{"count":1,"href":"https:\/\/buni.be\/fr\/wp-json\/wp\/v2\/product\/29229\/revisions"}],"predecessor-version":[{"id":37333,"href":"https:\/\/buni.be\/fr\/wp-json\/wp\/v2\/product\/29229\/revisions\/37333"}],"wp:featuredmedia":[{"embeddable":true,"href":"https:\/\/buni.be\/fr\/wp-json\/wp\/v2\/media\/29251"}],"wp:attachment":[{"href":"https:\/\/buni.be\/fr\/wp-json\/wp\/v2\/media?parent=29229"}],"wp:term":[{"taxonomy":"product_brand","embeddable":true,"href":"https:\/\/buni.be\/fr\/wp-json\/wp\/v2\/product_brand?post=29229"},{"taxonomy":"product_cat","embeddable":true,"href":"https:\/\/buni.be\/fr\/wp-json\/wp\/v2\/product_cat?post=29229"},{"taxonomy":"product_tag","embeddable":true,"href":"https:\/\/buni.be\/fr\/wp-json\/wp\/v2\/product_tag?post=29229"}],"curies":[{"name":"wp","href":"https:\/\/api.w.org\/{rel}","templated":true}]}}